{"id":4248,"date":"2020-04-10T18:16:54","date_gmt":"2020-04-10T16:16:54","guid":{"rendered":"https:\/\/educar.uncutmakers.com\/go-generando-oportunidades\/espana\/"},"modified":"2024-01-24T16:29:52","modified_gmt":"2024-01-24T15:29:52","slug":"spain","status":"publish","type":"page","link":"https:\/\/educar.uncutmakers.com\/en\/ongoing-projects\/go-generating-opportunities\/spain\/","title":{"rendered":"Spain"},"content":{"rendered":"<div class=\"wpb-content-wrapper\"><p>[vc_row css_animation=&#8221;element_from_fade&#8221; row_type=&#8221;row&#8221; use_row_as_full_screen_section=&#8221;no&#8221; type=&#8221;full_width&#8221; angled_section=&#8221;no&#8221; text_align=&#8221;left&#8221; background_image_as_pattern=&#8221;without_pattern&#8221; z_index=&#8221;&#8221; el_id=&#8221;cabeceraPais&#8221; css=&#8221;.vc_custom_1695645511212{background-image: url(https:\/\/educar.uncutmakers.com\/wp-content\/uploads\/2023\/09\/cabecera-15.jpg?id=2969) !important;}&#8221;][vc_column][vc_column_text]in Spain, we are carrying out four projects in support of education, employability and humanitarian assistance.[\/vc_column_text][vc_column_text el_class=&#8221;copyright&#8221;]\u00a9 Krist\u00f3f H\u00f6lv\u00e9nyi[\/vc_column_text][\/vc_column][\/vc_row][vc_row css_animation=&#8221;element_from_bottom&#8221; row_type=&#8221;row&#8221; use_row_as_full_screen_section=&#8221;no&#8221; type=&#8221;full_width&#8221; angled_section=&#8221;no&#8221; text_align=&#8221;left&#8221; background_image_as_pattern=&#8221;without_pattern&#8221; el_class=&#8221;proyectoFicha&#8221; z_index=&#8221;&#8221;][vc_column][vc_row_inner row_type=&#8221;row&#8221; type=&#8221;full_width&#8221; text_align=&#8221;left&#8221; css_animation=&#8221;&#8221;][vc_column_inner width=&#8221;1\/2&#8243;][vc_column_text]<\/p>\n<h2>Project 1:<\/h2>\n<p>[\/vc_column_text][vc_column_text]<\/p>\n<h3>Engaging young people for inclusion and socio-emotional well-being in situations of inequality.<\/h3>\n<p>[\/vc_column_text][vc_column_text]In Spain, three out of ten young people are facing a risk of poverty or social exclusion, and approximately 42 % of young people claim to have suffered anxiety or depression. This project aims to promote spaces for youth participation in order to influence the processes of social inclusion, gender equality and psychosocial well-being. Emphasis will be placed on the effective participation of women and the most vulnerable or socially excluded communities, in order to strengthen their know-how and capacities to promote their socio-emotional well-being and their right to civic participation, thus becoming agents of change. We are implementing it in six Autonomous Regions: Castilla y Le\u00f3n, Comunidad de Madrid, Galicia, Catalu\u00f1a, Murcia y Andaluc\u00eda.[\/vc_column_text][\/vc_column_inner][vc_column_inner width=&#8221;1\/2&#8243;][vc_single_image image=&#8221;4023&#8243; img_size=&#8221;full&#8221; qode_css_animation=&#8221;&#8221;][vc_column_text el_class=&#8221;copyright&#8221;]\u00a9 Irene Galera \/ Entreculturas[\/vc_column_text][\/vc_column_inner][\/vc_row_inner]<div class=\"qode_vertical_separator\" >\n<\/div>[vc_row_inner row_type=&#8221;row&#8221; type=&#8221;full_width&#8221; text_align=&#8221;left&#8221; css_animation=&#8221;&#8221;][vc_column_inner width=&#8221;1\/3&#8243;][vc_column_text]WE ATTEND[\/vc_column_text]<div class=\"q_counter_holder  left boxed_counter\" style=\"\" data-digit=\"1600\"><span class=\"counter  zero\" style=\"\">1600<\/span><span class=\"separator small\" style=\"\"><\/span><\/div>[vc_column_text]PEOPLE[\/vc_column_text][vc_column_text]<\/p>\n<blockquote><p>1.015 Women and 585 Men<\/p><\/blockquote>\n<p>[\/vc_column_text]<div class='gambit_row_scroll' data-row-entrance='fade' data-row-exit='' data--5p-center-top-entrance=\"opacity: 1;\" data-bottom-top-entrance=\"opacity: 0.0;\" ><\/div>[\/vc_column_inner][vc_column_inner width=&#8221;1\/3&#8243;][vc_column_text]With the local partner:<\/p>\n<p><img loading=\"lazy\" decoding=\"async\" class=\"alignnone wp-image-2691\" src=\"https:\/\/educar.uncutmakers.com\/wp-content\/uploads\/2023\/09\/logotipos_entreculturas.svg\" alt=\"\" width=\"295\" height=\"50\" \/>[\/vc_column_text][\/vc_column_inner][vc_column_inner width=&#8221;1\/3&#8243;][vc_column_text] In the line of work:<\/p>\n<p><img loading=\"lazy\" decoding=\"async\" class=\"alignnone wp-image-2628\" src=\"https:\/\/educar.uncutmakers.com\/wp-content\/uploads\/2023\/09\/ico-educacion.svg\" alt=\"\" width=\"71\" height=\"50\" \/>[\/vc_column_text][\/vc_column_inner][\/vc_row_inner][\/vc_column][\/vc_row][vc_row css_animation=&#8221;element_from_bottom&#8221; row_type=&#8221;row&#8221; use_row_as_full_screen_section=&#8221;no&#8221; type=&#8221;full_width&#8221; angled_section=&#8221;no&#8221; text_align=&#8221;left&#8221; background_image_as_pattern=&#8221;without_pattern&#8221; el_class=&#8221;proyectoFicha&#8221; z_index=&#8221;&#8221; background_color=&#8221;#f1f0ed&#8221;][vc_column][vc_row_inner row_type=&#8221;row&#8221; type=&#8221;full_width&#8221; text_align=&#8221;left&#8221; css_animation=&#8221;&#8221;][vc_column_inner width=&#8221;1\/2&#8243;][vc_column_text]<\/p>\n<h2>Project 2:<\/h2>\n<p>[\/vc_column_text][vc_column_text]<\/p>\n<h3>Comprehensive socio-educational assistance for at-risk children, adolescents, young adults and their families.<\/h3>\n<p>[\/vc_column_text][vc_column_text]Through comprehensive support for children, as the focal point to break the cycles of social vulnerability, we guarantee that they receive training in learning skills and psychosocial assistance that promote healthy habits, violence prevention and socio-emotional health.<\/p>\n<p>In addition, we offer parenting skills and styles training to children and young people\u2019s families and tutors. Those actions take place in coordination with local social agents and Public Administration services, in order to promote the creation and promotion of support networks.[\/vc_column_text][\/vc_column_inner][vc_column_inner width=&#8221;1\/2&#8243;][vc_single_image image=&#8221;4024&#8243; img_size=&#8221;full&#8221; qode_css_animation=&#8221;&#8221;][vc_column_text el_class=&#8221;copyright&#8221;]\u00a9 Red Mimbre[\/vc_column_text][\/vc_column_inner][\/vc_row_inner]<div class=\"qode_vertical_separator\" >\n<\/div>[vc_row_inner row_type=&#8221;row&#8221; type=&#8221;full_width&#8221; text_align=&#8221;left&#8221; css_animation=&#8221;&#8221;][vc_column_inner width=&#8221;1\/3&#8243;][vc_column_text]WE ATTEND[\/vc_column_text]<div class=\"q_counter_holder  left boxed_counter\" style=\"\" data-digit=\"1700\"><span class=\"counter  zero\" style=\"\">1700<\/span><span class=\"separator small\" style=\"\"><\/span><\/div>[vc_column_text]PEOPLE[\/vc_column_text][vc_column_text]<\/p>\n<blockquote><p>890 Women and 810 Men<\/p><\/blockquote>\n<p>[\/vc_column_text]<div class='gambit_row_scroll' data-row-entrance='fade' data-row-exit='' data--5p-center-top-entrance=\"opacity: 1;\" data-bottom-top-entrance=\"opacity: 0.0;\" ><\/div>[\/vc_column_inner][vc_column_inner width=&#8221;1\/3&#8243;][vc_column_text]With the local partner:<\/p>\n<p><img loading=\"lazy\" decoding=\"async\" class=\"alignnone wp-image-2689 \" src=\"https:\/\/educar.uncutmakers.com\/wp-content\/uploads\/2023\/09\/logotipo_red-mimbre.png\" alt=\"\" width=\"104\" height=\"50\" srcset=\"https:\/\/educar.uncutmakers.com\/wp-content\/uploads\/2023\/09\/logotipo_red-mimbre.png 616w, https:\/\/educar.uncutmakers.com\/wp-content\/uploads\/2023\/09\/logotipo_red-mimbre-300x144.png 300w, https:\/\/educar.uncutmakers.com\/wp-content\/uploads\/2023\/09\/logotipo_red-mimbre-600x295.png 600w\" sizes=\"auto, (max-width: 104px) 100vw, 104px\" \/>[\/vc_column_text][\/vc_column_inner][vc_column_inner width=&#8221;1\/3&#8243;][vc_column_text] In the line of work:<\/p>\n<p><img loading=\"lazy\" decoding=\"async\" class=\"alignnone wp-image-2628\" src=\"https:\/\/educar.uncutmakers.com\/wp-content\/uploads\/2023\/09\/ico-educacion.svg\" alt=\"\" width=\"71\" height=\"50\" \/>[\/vc_column_text][\/vc_column_inner][\/vc_row_inner][\/vc_column][\/vc_row][vc_row css_animation=&#8221;element_from_bottom&#8221; row_type=&#8221;row&#8221; use_row_as_full_screen_section=&#8221;no&#8221; type=&#8221;full_width&#8221; angled_section=&#8221;no&#8221; text_align=&#8221;left&#8221; background_image_as_pattern=&#8221;without_pattern&#8221; el_class=&#8221;proyectoFicha&#8221; z_index=&#8221;&#8221;][vc_column][vc_row_inner row_type=&#8221;row&#8221; type=&#8221;full_width&#8221; text_align=&#8221;left&#8221; css_animation=&#8221;&#8221;][vc_column_inner width=&#8221;1\/2&#8243;][vc_column_text]<\/p>\n<h2>Project 3:<\/h2>\n<p>[\/vc_column_text][vc_column_text]<\/p>\n<h3>Network to promote employability and the social economy.<\/h3>\n<p>[\/vc_column_text][vc_column_text]We support employability projects with people in a vulnerable situation or at risk of social exclusion, mainly migrants, women, homeless people, young people and their families. Our goal is to contribute to a change in access to decent livelihoods through training and education, job placement and employment opportunities.[\/vc_column_text][\/vc_column_inner][vc_column_inner width=&#8221;1\/2&#8243;][vc_single_image image=&#8221;4025&#8243; img_size=&#8221;full&#8221; qode_css_animation=&#8221;&#8221;][vc_column_text el_class=&#8221;copyright&#8221;]\u00a9 Irene Galera \/ Entreculturas[\/vc_column_text][\/vc_column_inner][\/vc_row_inner]<div class=\"qode_vertical_separator\" >\n<\/div>[vc_row_inner row_type=&#8221;row&#8221; type=&#8221;full_width&#8221; text_align=&#8221;left&#8221; css_animation=&#8221;&#8221;][vc_column_inner width=&#8221;1\/3&#8243;][vc_column_text]WE ATTEND[\/vc_column_text]<div class=\"q_counter_holder  left boxed_counter\" style=\"\" data-digit=\"350\"><span class=\"counter  zero\" style=\"\">350<\/span><span class=\"separator small\" style=\"\"><\/span><\/div>[vc_column_text]PEOPLE[\/vc_column_text][vc_column_text]<\/p>\n<blockquote><p>175 Women and 175 Men<\/p><\/blockquote>\n<p>[\/vc_column_text]<div class='gambit_row_scroll' data-row-entrance='fade' data-row-exit='' data--5p-center-top-entrance=\"opacity: 1;\" data-bottom-top-entrance=\"opacity: 0.0;\" ><\/div>[\/vc_column_inner][vc_column_inner width=&#8221;1\/3&#8243;][vc_column_text]With the local partner:<\/p>\n<p><a href=\"https:\/\/educar.uncutmakers.com\/wp-content\/uploads\/2023\/09\/logotipo_fm.svg\"><img loading=\"lazy\" decoding=\"async\" class=\"alignnone wp-image-2705\" src=\"https:\/\/educar.uncutmakers.com\/wp-content\/uploads\/2023\/09\/logotipo_fm.svg\" alt=\"\" width=\"119\" height=\"50\" \/><\/a>[\/vc_column_text][\/vc_column_inner][vc_column_inner width=&#8221;1\/3&#8243;][vc_column_text] In the line of work:<\/p>\n<p><img loading=\"lazy\" decoding=\"async\" class=\"alignnone wp-image-2629\" src=\"https:\/\/educar.uncutmakers.com\/wp-content\/uploads\/2023\/09\/ico-formacion.svg\" alt=\"\" width=\"71\" height=\"75\" \/>[\/vc_column_text][\/vc_column_inner][\/vc_row_inner][\/vc_column][\/vc_row][vc_row css_animation=&#8221;element_from_bottom&#8221; row_type=&#8221;row&#8221; use_row_as_full_screen_section=&#8221;no&#8221; type=&#8221;full_width&#8221; angled_section=&#8221;no&#8221; text_align=&#8221;left&#8221; background_image_as_pattern=&#8221;without_pattern&#8221; el_class=&#8221;proyectoFicha&#8221; z_index=&#8221;&#8221; background_color=&#8221;#f1f0ed&#8221;][vc_column][vc_row_inner row_type=&#8221;row&#8221; type=&#8221;full_width&#8221; text_align=&#8221;left&#8221; css_animation=&#8221;&#8221;][vc_column_inner width=&#8221;1\/2&#8243;][vc_column_text]<\/p>\n<h2>Project 4:<\/h2>\n<p>[\/vc_column_text][vc_column_text]<\/p>\n<h3>Support and competencies for the social inclusion of migrants and refugees.<\/h3>\n<p>[\/vc_column_text][vc_column_text]The project offers holistic assistance to displaced people -most of them in need of international protection-, that guarantee full inclusion and participation in the host society.<br \/>\nTo this end, we are strengthening our first aid services and assistance to individualized accompaniment itineraries, providing an early response to needs and situations of vulnerability.[\/vc_column_text][\/vc_column_inner][vc_column_inner width=&#8221;1\/2&#8243;][vc_single_image image=&#8221;4026&#8243; img_size=&#8221;full&#8221; qode_css_animation=&#8221;&#8221;][vc_column_text el_class=&#8221;copyright&#8221;]\u00a9 SJM Espa\u00f1a[\/vc_column_text][\/vc_column_inner][\/vc_row_inner]<div class=\"qode_vertical_separator\" >\n<\/div>[vc_row_inner row_type=&#8221;row&#8221; type=&#8221;full_width&#8221; text_align=&#8221;left&#8221; css_animation=&#8221;&#8221;][vc_column_inner width=&#8221;1\/3&#8243;][vc_column_text]WE ATTEND[\/vc_column_text]<div class=\"q_counter_holder  left boxed_counter\" style=\"\" data-digit=\"18066\"><span class=\"counter  zero\" style=\"\">18066<\/span><span class=\"separator small\" style=\"\"><\/span><\/div>[vc_column_text]PEOPLE[\/vc_column_text][vc_column_text]<\/p>\n<blockquote><p>11.607 Women and 6.459\u00a0Men<\/p><\/blockquote>\n<p>[\/vc_column_text]<div class='gambit_row_scroll' data-row-entrance='fade' data-row-exit='' data--5p-center-top-entrance=\"opacity: 1;\" data-bottom-top-entrance=\"opacity: 0.0;\" ><\/div>[\/vc_column_inner][vc_column_inner width=&#8221;1\/3&#8243;][vc_column_text]With the local partner:<\/p>\n<p><img loading=\"lazy\" decoding=\"async\" class=\"alignnone wp-image-2690 \" src=\"https:\/\/educar.uncutmakers.com\/wp-content\/uploads\/2023\/09\/logotipo_sjm.png\" alt=\"\" width=\"197\" height=\"60\" srcset=\"https:\/\/educar.uncutmakers.com\/wp-content\/uploads\/2023\/09\/logotipo_sjm.png 971w, https:\/\/educar.uncutmakers.com\/wp-content\/uploads\/2023\/09\/logotipo_sjm-300x91.png 300w, https:\/\/educar.uncutmakers.com\/wp-content\/uploads\/2023\/09\/logotipo_sjm-768x233.png 768w, https:\/\/educar.uncutmakers.com\/wp-content\/uploads\/2023\/09\/logotipo_sjm-700x213.png 700w\" sizes=\"auto, (max-width: 197px) 100vw, 197px\" \/>[\/vc_column_text][\/vc_column_inner][vc_column_inner width=&#8221;1\/3&#8243;][vc_column_text] In the line of work:<\/p>\n<p><img loading=\"lazy\" decoding=\"async\" class=\"alignnone wp-image-2627 \" src=\"https:\/\/educar.uncutmakers.com\/wp-content\/uploads\/2023\/09\/ico-accion.svg\" alt=\"\" width=\"83\" height=\"50\" \/>[\/vc_column_text][\/vc_column_inner][\/vc_row_inner][\/vc_column][\/vc_row][vc_row css_animation=&#8221;&#8221; row_type=&#8221;row&#8221; use_row_as_full_screen_section=&#8221;no&#8221; type=&#8221;full_width&#8221; angled_section=&#8221;no&#8221; text_align=&#8221;left&#8221; background_image_as_pattern=&#8221;without_pattern&#8221;][vc_column]<div class=\"qode_vertical_separator\" >\n<\/div>[\/vc_column][\/vc_row][vc_row css_animation=&#8221;&#8221; row_type=&#8221;row&#8221; use_row_as_full_screen_section=&#8221;no&#8221; type=&#8221;full_width&#8221; angled_section=&#8221;no&#8221; text_align=&#8221;left&#8221; background_image_as_pattern=&#8221;without_pattern&#8221;][vc_column][vc_widget_sidebar sidebar_id=&#8221;fullscreen_menu_area_widget&#8221; el_class=&#8221;menuPaises&#8221;][\/vc_column][\/vc_row]<\/p>\n<\/div>","protected":false},"excerpt":{"rendered":"<p>[vc_row css_animation=&#8221;element_from_fade&#8221; row_type=&#8221;row&#8221; use_row_as_full_screen_section=&#8221;no&#8221; type=&#8221;full_width&#8221; angled_section=&#8221;no&#8221; text_align=&#8221;left&#8221; background_image_as_pattern=&#8221;without_pattern&#8221; z_index=&#8221;&#8221; el_id=&#8221;cabeceraPais&#8221; css=&#8221;.vc_custom_1695645511212{background-image: url(https:\/\/educar.uncutmakers.com\/wp-content\/uploads\/2023\/09\/cabecera-15.jpg?id=2969) !important;}&#8221;][vc_column][vc_column_text]in Spain, we are carrying out four projects in support of education, employability and humanitarian assistance.[\/vc_column_text][vc_column_text el_class=&#8221;copyright&#8221;]\u00a9 Krist\u00f3f H\u00f6lv\u00e9nyi[\/vc_column_text][\/vc_column][\/vc_row][vc_row css_animation=&#8221;element_from_bottom&#8221; row_type=&#8221;row&#8221; use_row_as_full_screen_section=&#8221;no&#8221; type=&#8221;full_width&#8221; angled_section=&#8221;no&#8221; text_align=&#8221;left&#8221; background_image_as_pattern=&#8221;without_pattern&#8221; el_class=&#8221;proyectoFicha&#8221; z_index=&#8221;&#8221;][vc_column][vc_row_inner row_type=&#8221;row&#8221; type=&#8221;full_width&#8221; text_align=&#8221;left&#8221; css_animation=&#8221;&#8221;][vc_column_inner width=&#8221;1\/2&#8243;][vc_column_text]&#8230;<\/p>\n","protected":false},"author":1,"featured_media":0,"parent":4235,"menu_order":0,"comment_status":"closed","ping_status":"closed","template":"full_width.php","meta":{"footnotes":""},"class_list":["post-4248","page","type-page","status-publish","hentry"],"yoast_head":"<!-- This site is optimized with the Yoast SEO plugin v27.4 - https:\/\/yoast.com\/product\/yoast-seo-wordpress\/ -->\n<title>Spain - Educating generates OPPORTUNITIES<\/title>\n<meta name=\"robots\" content=\"index, follow, max-snippet:-1, max-image-preview:large, max-video-preview:-1\" \/>\n<link rel=\"canonical\" href=\"https:\/\/educar.uncutmakers.com\/en\/ongoing-projects\/go-generating-opportunities\/spain\/\" \/>\n<meta property=\"og:locale\" content=\"en_US\" \/>\n<meta property=\"og:type\" content=\"article\" \/>\n<meta property=\"og:title\" content=\"Spain - Educating generates OPPORTUNITIES\" \/>\n<meta property=\"og:description\" content=\"[vc_row css_animation=&#8221;element_from_fade&#8221; row_type=&#8221;row&#8221; use_row_as_full_screen_section=&#8221;no&#8221; type=&#8221;full_width&#8221; angled_section=&#8221;no&#8221; text_align=&#8221;left&#8221; background_image_as_pattern=&#8221;without_pattern&#8221; z_index=&#8221;&#8221; el_id=&#8221;cabeceraPais&#8221; css=&#8221;.vc_custom_1695645511212{background-image: url(https:\/\/educar.uncutmakers.com\/wp-content\/uploads\/2023\/09\/cabecera-15.jpg?id=2969) !important;}&#8221;][vc_column][vc_column_text]in Spain, we are carrying out four projects in support of education, employability and humanitarian assistance.[\/vc_column_text][vc_column_text el_class=&#8221;copyright&#8221;]\u00a9 Krist\u00f3f H\u00f6lv\u00e9nyi[\/vc_column_text][\/vc_column][\/vc_row][vc_row css_animation=&#8221;element_from_bottom&#8221; row_type=&#8221;row&#8221; use_row_as_full_screen_section=&#8221;no&#8221; type=&#8221;full_width&#8221; angled_section=&#8221;no&#8221; text_align=&#8221;left&#8221; background_image_as_pattern=&#8221;without_pattern&#8221; el_class=&#8221;proyectoFicha&#8221; z_index=&#8221;&#8221;][vc_column][vc_row_inner row_type=&#8221;row&#8221; type=&#8221;full_width&#8221; text_align=&#8221;left&#8221; css_animation=&#8221;&#8221;][vc_column_inner width=&#8221;1\/2&#8243;][vc_column_text]...\" \/>\n<meta property=\"og:url\" content=\"https:\/\/educar.uncutmakers.com\/en\/ongoing-projects\/go-generating-opportunities\/spain\/\" \/>\n<meta property=\"og:site_name\" content=\"Educating generates OPPORTUNITIES\" \/>\n<meta property=\"article:modified_time\" content=\"2024-01-24T15:29:52+00:00\" \/>\n<meta property=\"og:image\" content=\"https:\/\/educar.uncutmakers.com\/wp-content\/uploads\/2023\/09\/logotipos_entreculturas.svg\" \/>\n<meta name=\"twitter:card\" content=\"summary_large_image\" \/>\n<meta name=\"twitter:label1\" content=\"Est. reading time\" \/>\n\t<meta name=\"twitter:data1\" content=\"5 minutes\" \/>\n<script type=\"application\/ld+json\" class=\"yoast-schema-graph\">{\"@context\":\"https:\\\/\\\/schema.org\",\"@graph\":[{\"@type\":\"WebPage\",\"@id\":\"https:\\\/\\\/educar.uncutmakers.com\\\/en\\\/ongoing-projects\\\/go-generating-opportunities\\\/spain\\\/\",\"url\":\"https:\\\/\\\/educar.uncutmakers.com\\\/en\\\/ongoing-projects\\\/go-generating-opportunities\\\/spain\\\/\",\"name\":\"Spain - Educating generates OPPORTUNITIES\",\"isPartOf\":{\"@id\":\"https:\\\/\\\/educar.uncutmakers.com\\\/en\\\/#website\"},\"primaryImageOfPage\":{\"@id\":\"https:\\\/\\\/educar.uncutmakers.com\\\/en\\\/ongoing-projects\\\/go-generating-opportunities\\\/spain\\\/#primaryimage\"},\"image\":{\"@id\":\"https:\\\/\\\/educar.uncutmakers.com\\\/en\\\/ongoing-projects\\\/go-generating-opportunities\\\/spain\\\/#primaryimage\"},\"thumbnailUrl\":\"https:\\\/\\\/educar.uncutmakers.com\\\/wp-content\\\/uploads\\\/2023\\\/09\\\/logotipos_entreculturas.svg\",\"datePublished\":\"2020-04-10T16:16:54+00:00\",\"dateModified\":\"2024-01-24T15:29:52+00:00\",\"breadcrumb\":{\"@id\":\"https:\\\/\\\/educar.uncutmakers.com\\\/en\\\/ongoing-projects\\\/go-generating-opportunities\\\/spain\\\/#breadcrumb\"},\"inLanguage\":\"en-US\",\"potentialAction\":[{\"@type\":\"ReadAction\",\"target\":[\"https:\\\/\\\/educar.uncutmakers.com\\\/en\\\/ongoing-projects\\\/go-generating-opportunities\\\/spain\\\/\"]}]},{\"@type\":\"ImageObject\",\"inLanguage\":\"en-US\",\"@id\":\"https:\\\/\\\/educar.uncutmakers.com\\\/en\\\/ongoing-projects\\\/go-generating-opportunities\\\/spain\\\/#primaryimage\",\"url\":\"https:\\\/\\\/educar.uncutmakers.com\\\/wp-content\\\/uploads\\\/2023\\\/09\\\/logotipos_entreculturas.svg\",\"contentUrl\":\"https:\\\/\\\/educar.uncutmakers.com\\\/wp-content\\\/uploads\\\/2023\\\/09\\\/logotipos_entreculturas.svg\"},{\"@type\":\"BreadcrumbList\",\"@id\":\"https:\\\/\\\/educar.uncutmakers.com\\\/en\\\/ongoing-projects\\\/go-generating-opportunities\\\/spain\\\/#breadcrumb\",\"itemListElement\":[{\"@type\":\"ListItem\",\"position\":1,\"name\":\"Portada\",\"item\":\"https:\\\/\\\/educar.uncutmakers.com\\\/en\\\/\"},{\"@type\":\"ListItem\",\"position\":2,\"name\":\"Ongoing projects\",\"item\":\"https:\\\/\\\/educar.uncutmakers.com\\\/en\\\/ongoing-projects\\\/\"},{\"@type\":\"ListItem\",\"position\":3,\"name\":\"GO: Generating Opportunities\",\"item\":\"https:\\\/\\\/educar.uncutmakers.com\\\/en\\\/ongoing-projects\\\/go-generating-opportunities\\\/\"},{\"@type\":\"ListItem\",\"position\":4,\"name\":\"Spain\"}]},{\"@type\":\"WebSite\",\"@id\":\"https:\\\/\\\/educar.uncutmakers.com\\\/en\\\/#website\",\"url\":\"https:\\\/\\\/educar.uncutmakers.com\\\/en\\\/\",\"name\":\"Educating generates OPPORTUNITIES\",\"description\":\"INDITEX \\\/ ENTRECULTURAS\",\"potentialAction\":[{\"@type\":\"SearchAction\",\"target\":{\"@type\":\"EntryPoint\",\"urlTemplate\":\"https:\\\/\\\/educar.uncutmakers.com\\\/en\\\/?s={search_term_string}\"},\"query-input\":{\"@type\":\"PropertyValueSpecification\",\"valueRequired\":true,\"valueName\":\"search_term_string\"}}],\"inLanguage\":\"en-US\"}]}<\/script>\n<!-- \/ Yoast SEO plugin. -->","yoast_head_json":{"title":"Spain - Educating generates OPPORTUNITIES","robots":{"index":"index","follow":"follow","max-snippet":"max-snippet:-1","max-image-preview":"max-image-preview:large","max-video-preview":"max-video-preview:-1"},"canonical":"https:\/\/educar.uncutmakers.com\/en\/ongoing-projects\/go-generating-opportunities\/spain\/","og_locale":"en_US","og_type":"article","og_title":"Spain - Educating generates OPPORTUNITIES","og_description":"[vc_row css_animation=&#8221;element_from_fade&#8221; row_type=&#8221;row&#8221; use_row_as_full_screen_section=&#8221;no&#8221; type=&#8221;full_width&#8221; angled_section=&#8221;no&#8221; text_align=&#8221;left&#8221; background_image_as_pattern=&#8221;without_pattern&#8221; z_index=&#8221;&#8221; el_id=&#8221;cabeceraPais&#8221; css=&#8221;.vc_custom_1695645511212{background-image: url(https:\/\/educar.uncutmakers.com\/wp-content\/uploads\/2023\/09\/cabecera-15.jpg?id=2969) !important;}&#8221;][vc_column][vc_column_text]in Spain, we are carrying out four projects in support of education, employability and humanitarian assistance.[\/vc_column_text][vc_column_text el_class=&#8221;copyright&#8221;]\u00a9 Krist\u00f3f H\u00f6lv\u00e9nyi[\/vc_column_text][\/vc_column][\/vc_row][vc_row css_animation=&#8221;element_from_bottom&#8221; row_type=&#8221;row&#8221; use_row_as_full_screen_section=&#8221;no&#8221; type=&#8221;full_width&#8221; angled_section=&#8221;no&#8221; text_align=&#8221;left&#8221; background_image_as_pattern=&#8221;without_pattern&#8221; el_class=&#8221;proyectoFicha&#8221; z_index=&#8221;&#8221;][vc_column][vc_row_inner row_type=&#8221;row&#8221; type=&#8221;full_width&#8221; text_align=&#8221;left&#8221; css_animation=&#8221;&#8221;][vc_column_inner width=&#8221;1\/2&#8243;][vc_column_text]...","og_url":"https:\/\/educar.uncutmakers.com\/en\/ongoing-projects\/go-generating-opportunities\/spain\/","og_site_name":"Educating generates OPPORTUNITIES","article_modified_time":"2024-01-24T15:29:52+00:00","og_image":[{"url":"https:\/\/educar.uncutmakers.com\/wp-content\/uploads\/2023\/09\/logotipos_entreculturas.svg","type":"","width":"","height":""}],"twitter_card":"summary_large_image","twitter_misc":{"Est. reading time":"5 minutes"},"schema":{"@context":"https:\/\/schema.org","@graph":[{"@type":"WebPage","@id":"https:\/\/educar.uncutmakers.com\/en\/ongoing-projects\/go-generating-opportunities\/spain\/","url":"https:\/\/educar.uncutmakers.com\/en\/ongoing-projects\/go-generating-opportunities\/spain\/","name":"Spain - Educating generates OPPORTUNITIES","isPartOf":{"@id":"https:\/\/educar.uncutmakers.com\/en\/#website"},"primaryImageOfPage":{"@id":"https:\/\/educar.uncutmakers.com\/en\/ongoing-projects\/go-generating-opportunities\/spain\/#primaryimage"},"image":{"@id":"https:\/\/educar.uncutmakers.com\/en\/ongoing-projects\/go-generating-opportunities\/spain\/#primaryimage"},"thumbnailUrl":"https:\/\/educar.uncutmakers.com\/wp-content\/uploads\/2023\/09\/logotipos_entreculturas.svg","datePublished":"2020-04-10T16:16:54+00:00","dateModified":"2024-01-24T15:29:52+00:00","breadcrumb":{"@id":"https:\/\/educar.uncutmakers.com\/en\/ongoing-projects\/go-generating-opportunities\/spain\/#breadcrumb"},"inLanguage":"en-US","potentialAction":[{"@type":"ReadAction","target":["https:\/\/educar.uncutmakers.com\/en\/ongoing-projects\/go-generating-opportunities\/spain\/"]}]},{"@type":"ImageObject","inLanguage":"en-US","@id":"https:\/\/educar.uncutmakers.com\/en\/ongoing-projects\/go-generating-opportunities\/spain\/#primaryimage","url":"https:\/\/educar.uncutmakers.com\/wp-content\/uploads\/2023\/09\/logotipos_entreculturas.svg","contentUrl":"https:\/\/educar.uncutmakers.com\/wp-content\/uploads\/2023\/09\/logotipos_entreculturas.svg"},{"@type":"BreadcrumbList","@id":"https:\/\/educar.uncutmakers.com\/en\/ongoing-projects\/go-generating-opportunities\/spain\/#breadcrumb","itemListElement":[{"@type":"ListItem","position":1,"name":"Portada","item":"https:\/\/educar.uncutmakers.com\/en\/"},{"@type":"ListItem","position":2,"name":"Ongoing projects","item":"https:\/\/educar.uncutmakers.com\/en\/ongoing-projects\/"},{"@type":"ListItem","position":3,"name":"GO: Generating Opportunities","item":"https:\/\/educar.uncutmakers.com\/en\/ongoing-projects\/go-generating-opportunities\/"},{"@type":"ListItem","position":4,"name":"Spain"}]},{"@type":"WebSite","@id":"https:\/\/educar.uncutmakers.com\/en\/#website","url":"https:\/\/educar.uncutmakers.com\/en\/","name":"Educating generates OPPORTUNITIES","description":"INDITEX \/ ENTRECULTURAS","potentialAction":[{"@type":"SearchAction","target":{"@type":"EntryPoint","urlTemplate":"https:\/\/educar.uncutmakers.com\/en\/?s={search_term_string}"},"query-input":{"@type":"PropertyValueSpecification","valueRequired":true,"valueName":"search_term_string"}}],"inLanguage":"en-US"}]}},"_links":{"self":[{"href":"https:\/\/educar.uncutmakers.com\/en\/wp-json\/wp\/v2\/pages\/4248","targetHints":{"allow":["GET"]}}],"collection":[{"href":"https:\/\/educar.uncutmakers.com\/en\/wp-json\/wp\/v2\/pages"}],"about":[{"href":"https:\/\/educar.uncutmakers.com\/en\/wp-json\/wp\/v2\/types\/page"}],"author":[{"embeddable":true,"href":"https:\/\/educar.uncutmakers.com\/en\/wp-json\/wp\/v2\/users\/1"}],"replies":[{"embeddable":true,"href":"https:\/\/educar.uncutmakers.com\/en\/wp-json\/wp\/v2\/comments?post=4248"}],"version-history":[{"count":8,"href":"https:\/\/educar.uncutmakers.com\/en\/wp-json\/wp\/v2\/pages\/4248\/revisions"}],"predecessor-version":[{"id":4799,"href":"https:\/\/educar.uncutmakers.com\/en\/wp-json\/wp\/v2\/pages\/4248\/revisions\/4799"}],"up":[{"embeddable":true,"href":"https:\/\/educar.uncutmakers.com\/en\/wp-json\/wp\/v2\/pages\/4235"}],"wp:attachment":[{"href":"https:\/\/educar.uncutmakers.com\/en\/wp-json\/wp\/v2\/media?parent=4248"}],"curies":[{"name":"wp","href":"https:\/\/api.w.org\/{rel}","templated":true}]}}